{"id":810,"date":"2024-09-19T18:29:56","date_gmt":"2024-09-19T16:29:56","guid":{"rendered":"https:\/\/lesamisdelasaintechapelle.com\/?page_id=810"},"modified":"2026-02-20T12:14:51","modified_gmt":"2026-02-20T11:14:51","slug":"visite-et-representation-scolaire-une-heure-avec-georg-philipp-telemann","status":"publish","type":"page","link":"https:\/\/lesamisdelasaintechapelle.com\/index.php\/programmation\/visite-et-representation-scolaire-une-heure-avec-georg-philipp-telemann\/","title":{"rendered":"Visite et repr\u00e9sentation scolaire : \u00ab\u00a0Une heure avec Georg Philipp Telemann\u00a0\u00bb"},"content":{"rendered":"\n<h3 class=\"wp-block-heading\">LUNDI 14 OCTOBRE 2024 \u2022 10H30 (DUR\u00c9E 1H) \u2022 Sainte-Chapelle<\/h3>\n\n\n\n<div class=\"wp-block-cover is-light\" style=\"min-height:300px;aspect-ratio:unset;\"><span aria-hidden=\"true\" class=\"wp-block-cover__background has-white-background-color has-background-dim\"><\/span><img loading=\"lazy\" decoding=\"async\" width=\"2025\" height=\"2560\" class=\"wp-block-cover__image-background wp-image-917\" alt=\"\" src=\"http:\/\/lesamisdelasaintechapelle.com\/wp-content\/uploads\/2024\/09\/Photo-Bestiaire-Fabuleux-scaled.jpg\" style=\"object-position:50% 34%\" data-object-fit=\"cover\" data-object-position=\"50% 34%\" srcset=\"https:\/\/lesamisdelasaintechapelle.com\/wp-content\/uploads\/2024\/09\/Photo-Bestiaire-Fabuleux-scaled.jpg 2025w, https:\/\/lesamisdelasaintechapelle.com\/wp-content\/uploads\/2024\/09\/Photo-Bestiaire-Fabuleux-237x300.jpg 237w, https:\/\/lesamisdelasaintechapelle.com\/wp-content\/uploads\/2024\/09\/Photo-Bestiaire-Fabuleux-810x1024.jpg 810w, https:\/\/lesamisdelasaintechapelle.com\/wp-content\/uploads\/2024\/09\/Photo-Bestiaire-Fabuleux-768x971.jpg 768w, https:\/\/lesamisdelasaintechapelle.com\/wp-content\/uploads\/2024\/09\/Photo-Bestiaire-Fabuleux-1215x1536.jpg 1215w, https:\/\/lesamisdelasaintechapelle.com\/wp-content\/uploads\/2024\/09\/Photo-Bestiaire-Fabuleux-1620x2048.jpg 1620w, https:\/\/lesamisdelasaintechapelle.com\/wp-content\/uploads\/2024\/09\/Photo-Bestiaire-Fabuleux-600x758.jpg 600w\" sizes=\"auto, (max-width: 2025px) 100vw, 2025px\" \/><div class=\"wp-block-cover__inner-container is-layout-constrained wp-block-cover-is-layout-constrained\">\n<p class=\"has-text-align-center has-black-color has-text-color has-link-color has-medium-font-size wp-elements-b22bb223a4e3c138f30292fae240afce\"><em><strong>T\u00e9moignages d&rsquo;une vie<\/strong><\/em><\/p>\n\n\n\n<p class=\"has-text-align-center\"><strong><em>R\u00e9cit autobiographique et compositions instrumentales pour violon baroque, viole de gambe et clavecin avec les Amis de la Sainte-Chapelle<\/em><\/strong><\/p>\n<\/div><\/div>\n\n\n\n<h6 class=\"wp-block-heading\">PROGRAMME<\/h6>\n\n\n\n<div class=\"wp-block-columns are-vertically-aligned-center is-layout-flex wp-container-core-columns-is-layout-9d6595d7 wp-block-columns-is-layout-flex\">\n<div class=\"wp-block-column is-vertically-aligned-center is-layout-flow wp-block-column-is-layout-flow\" style=\"flex-basis:66.66%\">\n<p>Georg Philipp TELEMANN (1681-1767) &#8211; Extraits de :<\/p>\n\n\n\n<div class=\"wp-block-group a-la-ligne\"><div class=\"wp-block-group__inner-container is-layout-constrained wp-block-group-is-layout-constrained\">\n<p><em>&#8211; Sonate pour viole de gambe et basse continue<\/em><\/p>\n\n\n\n<p><em>&#8211; Fantaisie pour clavecin<\/em><\/p>\n\n\n\n<p><em>&#8211; 7\u00e8me Fantaisie pour violon solo sans basse<\/em><\/p>\n\n\n\n<p><em>&#8211; Sonate en trio pour Violon, viole de gambe et basse continue<\/em><\/p>\n<\/div><\/div>\n<\/div>\n\n\n\n<div class=\"wp-block-column is-vertically-aligned-center is-layout-flow wp-block-column-is-layout-flow\" style=\"flex-basis:33.33%\">\n<div class=\"wp-block-group has-background is-vertical is-content-justification-center is-layout-flex wp-container-core-group-is-layout-48c2c4f0 wp-block-group-is-layout-flex\" style=\"background-color:#efe2cf\">\n<p class=\"has-text-align-center\">Nom du fichier : Programme 14-10<\/p>\n\n\n\n<p class=\"has-text-align-center has-small-font-size\">Taille : 306 Ko<\/p>\n\n\n\n<div class=\"wp-block-file\"><a id=\"wp-block-file--media-0a04a70a-ae1f-4323-99df-79ded4875f51\" href=\"http:\/\/lesamisdelasaintechapelle.com\/wp-content\/uploads\/2024\/09\/Programme-14-10.jpg\">Aper\u00e7u<\/a><a href=\"http:\/\/lesamisdelasaintechapelle.com\/wp-content\/uploads\/2024\/09\/Programme-14-10.jpg\" class=\"wp-block-file__button wp-element-button\" download aria-describedby=\"wp-block-file--media-0a04a70a-ae1f-4323-99df-79ded4875f51\">T\u00e9l\u00e9charger<\/a><\/div>\n<\/div>\n<\/div>\n<\/div>\n\n\n\n<hr class=\"wp-block-separator has-text-color has-alpha-channel-opacity has-background is-style-wide\" style=\"background-color:#41c7c0;color:#41c7c0\"\/>\n\n\n\n<h6 class=\"wp-block-heading\">TARIFS<\/h6>\n\n\n\n<p>Repr\u00e9sentation \u00e0 destination des scolaires, ouverte au public (entr\u00e9e payante)<\/p>\n\n\n\n<div class=\"wp-block-columns are-vertically-aligned-center is-layout-flex wp-container-core-columns-is-layout-9d6595d7 wp-block-columns-is-layout-flex\">\n<div class=\"wp-block-column is-vertically-aligned-center is-layout-flow wp-block-column-is-layout-flow\" style=\"flex-basis:60%\">\n<ul class=\"wp-block-list\">\n<li>Plein tarif : 25\u20ac<\/li>\n\n\n\n<li>Tarif adh\u00e9rents : 20\u20ac<\/li>\n\n\n\n<li>\u00c9l\u00e8ves de la Cit\u00e9 des Arts, \u00c9tudiants et demandeurs d&#8217;emploi : 10\u20ac<\/li>\n\n\n\n<li>Gratuit\u00e9 pour les \u00e9l\u00e8ves de moins de 15 ans du d\u00e9partement de musique ancienne de la Cit\u00e9 des Arts : classes d&rsquo;orgue, clavecin, luth, fl\u00fbte \u00e0 bec, cornet \u00e0 bouquin et sacqueboute.<\/li>\n<\/ul>\n<\/div>\n\n\n\n<div class=\"wp-block-column is-vertically-aligned-center is-layout-flow wp-block-column-is-layout-flow\" style=\"flex-basis:40%\">\n<div class=\"wp-block-buttons is-content-justification-center is-layout-flex wp-container-core-buttons-is-layout-16018d1d wp-block-buttons-is-layout-flex\">\n<div class=\"wp-block-button has-custom-width wp-block-button__width-75 is-style-outline is-style-outline--1\"><a class=\"wp-block-button__link has-text-color has-link-color has-text-align-center wp-element-button\" href=\"https:\/\/www.billetweb.fr\/visite-et-representation-scolaire-une-heure-avec-georg-philipp-telemann\" style=\"border-radius:0px;color:#ff956c\" target=\"_blank\" rel=\"noreferrer noopener\">BILLETTERIE | R\u00c9SERVATION<\/a><\/div>\n<\/div>\n<\/div>\n<\/div>\n\n\n\n<hr class=\"wp-block-separator has-text-color has-alpha-channel-opacity has-background is-style-wide\" style=\"background-color:#41c7c0;color:#41c7c0\"\/>\n\n\n\n<h6 class=\"wp-block-heading\">LES ARTISTES<\/h6>\n\n\n\n<div class=\"wp-block-columns are-vertically-aligned-top is-layout-flex wp-container-core-columns-is-layout-9d6595d7 wp-block-columns-is-layout-flex\">\n<div class=\"wp-block-column is-vertically-aligned-top is-layout-flow wp-block-column-is-layout-flow\"><div class=\"wp-block-image is-style-rounded\">\n<figure class=\"aligncenter size-large\"><img loading=\"lazy\" decoding=\"async\" width=\"817\" height=\"817\" src=\"https:\/\/lesamisdelasaintechapelle.com\/wp-content\/uploads\/2024\/03\/Anne-Sophie-Galinier-e1709742055495-edited.png\" alt=\"\" class=\"wp-image-424\" style=\"aspect-ratio:1;object-fit:cover\" srcset=\"https:\/\/lesamisdelasaintechapelle.com\/wp-content\/uploads\/2024\/03\/Anne-Sophie-Galinier-e1709742055495-edited.png 817w, https:\/\/lesamisdelasaintechapelle.com\/wp-content\/uploads\/2024\/03\/Anne-Sophie-Galinier-e1709742055495-edited-300x300.png 300w, https:\/\/lesamisdelasaintechapelle.com\/wp-content\/uploads\/2024\/03\/Anne-Sophie-Galinier-e1709742055495-edited-150x150.png 150w, https:\/\/lesamisdelasaintechapelle.com\/wp-content\/uploads\/2024\/03\/Anne-Sophie-Galinier-e1709742055495-edited-768x768.png 768w, https:\/\/lesamisdelasaintechapelle.com\/wp-content\/uploads\/2024\/03\/Anne-Sophie-Galinier-e1709742055495-edited-600x600.png 600w\" sizes=\"auto, (max-width: 817px) 100vw, 817px\" \/><\/figure>\n<\/div>\n\n\n<p class=\"has-text-align-center\">Anne-Sophie Galinier<\/p>\n\n\n\n<p class=\"has-text-align-center\">Com\u00e9dienne<\/p>\n<\/div>\n\n\n\n<div class=\"wp-block-column is-vertically-aligned-top is-layout-flow wp-block-column-is-layout-flow\">\n<figure class=\"wp-block-image size-full is-style-rounded\"><img loading=\"lazy\" decoding=\"async\" width=\"308\" height=\"308\" src=\"https:\/\/lesamisdelasaintechapelle.com\/wp-content\/uploads\/2024\/03\/Yolaine-Wucher-2-edited.png\" alt=\"\" class=\"wp-image-415\" srcset=\"https:\/\/lesamisdelasaintechapelle.com\/wp-content\/uploads\/2024\/03\/Yolaine-Wucher-2-edited.png 308w, https:\/\/lesamisdelasaintechapelle.com\/wp-content\/uploads\/2024\/03\/Yolaine-Wucher-2-edited-300x300.png 300w, https:\/\/lesamisdelasaintechapelle.com\/wp-content\/uploads\/2024\/03\/Yolaine-Wucher-2-edited-150x150.png 150w\" sizes=\"auto, (max-width: 308px) 100vw, 308px\" \/><\/figure>\n\n\n\n<p class=\"has-text-align-center\">Yolaine Wucher<\/p>\n\n\n\n<p class=\"has-text-align-center\">Violon baroque<\/p>\n<\/div>\n\n\n\n<div class=\"wp-block-column is-vertically-aligned-top is-layout-flow wp-block-column-is-layout-flow\">\n<figure class=\"wp-block-image size-large is-style-rounded\"><img loading=\"lazy\" decoding=\"async\" width=\"869\" height=\"1024\" src=\"http:\/\/lesamisdelasaintechapelle.com\/wp-content\/uploads\/2024\/03\/Maeva-Bouachrine-869x1024.jpg\" alt=\"\" class=\"wp-image-247\" style=\"aspect-ratio:1;object-fit:cover\" srcset=\"https:\/\/lesamisdelasaintechapelle.com\/wp-content\/uploads\/2024\/03\/Maeva-Bouachrine-869x1024.jpg 869w, https:\/\/lesamisdelasaintechapelle.com\/wp-content\/uploads\/2024\/03\/Maeva-Bouachrine-255x300.jpg 255w, https:\/\/lesamisdelasaintechapelle.com\/wp-content\/uploads\/2024\/03\/Maeva-Bouachrine-768x905.jpg 768w, https:\/\/lesamisdelasaintechapelle.com\/wp-content\/uploads\/2024\/03\/Maeva-Bouachrine-1304x1536.jpg 1304w, https:\/\/lesamisdelasaintechapelle.com\/wp-content\/uploads\/2024\/03\/Maeva-Bouachrine-600x707.jpg 600w, https:\/\/lesamisdelasaintechapelle.com\/wp-content\/uploads\/2024\/03\/Maeva-Bouachrine.jpg 1728w\" sizes=\"auto, (max-width: 869px) 100vw, 869px\" \/><\/figure>\n\n\n\n<p class=\"has-text-align-center\">Ma\u00e9va Bouachrine<\/p>\n\n\n\n<p class=\"has-text-align-center\">Viole de gambe<\/p>\n<\/div>\n\n\n\n<div class=\"wp-block-column is-vertically-aligned-top is-layout-flow wp-block-column-is-layout-flow\">\n<figure class=\"wp-block-image size-large is-style-rounded\"><img loading=\"lazy\" decoding=\"async\" width=\"1024\" height=\"1024\" src=\"http:\/\/lesamisdelasaintechapelle.com\/wp-content\/uploads\/2024\/03\/Gaele-Griffon-du-Bellay-1-1024x1024.png\" alt=\"\" class=\"wp-image-241\" srcset=\"https:\/\/lesamisdelasaintechapelle.com\/wp-content\/uploads\/2024\/03\/Gaele-Griffon-du-Bellay-1-1024x1024.png 1024w, https:\/\/lesamisdelasaintechapelle.com\/wp-content\/uploads\/2024\/03\/Gaele-Griffon-du-Bellay-1-300x300.png 300w, https:\/\/lesamisdelasaintechapelle.com\/wp-content\/uploads\/2024\/03\/Gaele-Griffon-du-Bellay-1-150x150.png 150w, https:\/\/lesamisdelasaintechapelle.com\/wp-content\/uploads\/2024\/03\/Gaele-Griffon-du-Bellay-1-768x768.png 768w, https:\/\/lesamisdelasaintechapelle.com\/wp-content\/uploads\/2024\/03\/Gaele-Griffon-du-Bellay-1-1536x1536.png 1536w, https:\/\/lesamisdelasaintechapelle.com\/wp-content\/uploads\/2024\/03\/Gaele-Griffon-du-Bellay-1-2048x2048.png 2048w, https:\/\/lesamisdelasaintechapelle.com\/wp-content\/uploads\/2024\/03\/Gaele-Griffon-du-Bellay-1-600x600.png 600w\" sizes=\"auto, (max-width: 1024px) 100vw, 1024px\" \/><\/figure>\n\n\n\n<p class=\"has-text-align-center\">Ga\u00eble Griffon du Bellay<\/p>\n\n\n\n<p class=\"has-text-align-center\">Clavecin<\/p>\n<\/div>\n<\/div>\n\n\n\n<hr class=\"wp-block-separator has-text-color has-alpha-channel-opacity has-background is-style-wide\" style=\"background-color:#41c7c0;color:#41c7c0\"\/>\n\n\n\n<h6 class=\"wp-block-heading\">BIOGRAPHIES<\/h6>\n\n\n\n<p><strong>Anne-Sophie Galinier (com\u00e9dienne de plateau)<\/strong> appr\u00e9cie quand le th\u00e9\u00e2tre vient rencontrer d\u2019autres formes de Cr\u00e9ation. C\u2019est donc avec enthousiasme qu\u2019elle participe, depuis quelques ann\u00e9es, aux projets des musiciens de la r\u00e9gion pour proposer de savoureux concerts-lectures !<\/p>\n\n\n\n<hr class=\"wp-block-separator has-alpha-channel-opacity petit-separateur\"\/>\n\n\n\n<p><strong>Yolaine Wucher (violon baroque)<\/strong> suit, en parall\u00e8le d\u2019une Licence de Musicologie, un cursus en violon moderne aux C.R.R de Lyon et Grenoble. Son attrait pour le r\u00e9pertoire ancien l\u2019am\u00e8ne \u00e0 se former aupr\u00e8s d\u2019acad\u00e9mies en Europe puis \u00e0 se perfectionner au Conservatoire Royal de Bruxelles avec un Master de Violon Baroque. Elle enseigne le violon et le violon baroque \u00e0 la Cit\u00e9 des Arts de Chamb\u00e9ry. Elle participe \u00e0 des concerts au sein d\u2019ensembles de musique ancienne et depuis<br>plusieurs ann\u00e9es con\u00e7oit des spectacles m\u00ealant intimement textes et musiques baroques : Un hiver \u00e0 Venise, Lettres d\u2019Italie, Sur le chemin de Bethl\u00e9em, Jean Marie Leclair musicien europ\u00e9en, Bach en famille, Piet\u00e0, Bestiaire. Elle appr\u00e9cie aussi la musique de chambre dans des r\u00e9pertoires plus contemporains : Stravinski, Prokofiev, Hersant, Bartok\u2026 Professeur d\u2019Enseignement Artistique, elle enseigne au CRC de Valserh\u00f4ne.<\/p>\n\n\n\n<hr class=\"wp-block-separator has-alpha-channel-opacity petit-separateur\"\/>\n\n\n\n<p><strong>Ma\u00e9va Bouachrine (viole de gambe)<\/strong> \u00e9tudie le violoncelle, puis, sa passion pour les instruments anciens l\u2019attire vers d\u2019autres horizons. Elle obtient le dipl\u00f4me de fin d\u2019\u00e9tudes au Conservatoire de Gen\u00e8ve et le dipl\u00f4me national d\u2019\u00e9tudes sup\u00e9rieures musicales du CNSM de Lyon en viole de gambe. Elle s\u2019est produite avec divers ensembles fran\u00e7ais (Dafne &#8211; Hamadryade &#8211; Jacques Moderne &#8211; Jeunes Solistes &#8211; Heinrich Sch\u00fctz &#8211; N. Blanchi) et a particip\u00e9 \u00e0 plusieurs spectacles : \u00ab\u00a0La D\u00e9fense de la basse de viole\u00a0\u00bb, \u00ab\u00a0Un Banquet Musical\u00a0\u00bb, \u00ab\u00a0Lettres de Mme de S\u00e9vign\u00e9\u00a0\u00bb, \u00ab\u00a0J.J. Rousseau aux Charmettes\u00a0\u00bb, \u00ab\u00a0Les montagnes se souviennent\u00a0\u00bb ; ainsi que des spectacles pour enfants. Elle a cr\u00e9\u00e9 l\u2019Association pour le D\u00e9veloppement des Instruments Anciens et cr\u00e9e en 1997 la classe de viole de gambe du CRR d\u2019Annecy.<\/p>\n\n\n\n<hr class=\"wp-block-separator has-alpha-channel-opacity petit-separateur\"\/>\n\n\n\n<p><strong>Ga\u00eble Griffon du Bellay (clavecin)<\/strong>, dipl\u00f4m\u00e9e du Conservatoire National Sup\u00e9rieur de Musique et Danse de Lyon, se produit en concert en orchestre, en soliste ou en duo avec r\u00e9citant (Les fabuleuses du clavecin), en ensemble de musique de chambre (musiciens de la Sainte Chapelle des Ducs de Savoie, concerts de l\u2019H\u00f4tel- Dieu) et accompagne diff\u00e9rents ch\u0153urs et ensembles vocaux de la R\u00e9gion (Opus A Voix, Stravaganza, Canzone, A piacere\u2026). Elle enseigne le clavecin, l\u2019accord, la basse continue et la musique de chambre dans les deux conservatoires de Grenoble et Chamb\u00e9ry. Et concoure \u00e0 la diffusion de la musique ancienne dans la R\u00e9gion en partenariat avec le patrimoine culturel. Elle est Pr\u00e9sidente et Directrice artistique du festival des Amis de la Sainte-Chapelle.<\/p>\n","protected":false},"excerpt":{"rendered":"<p>LUNDI 14 OCTOBRE 2024 \u2022 10H30 (DUR\u00c9E 1H) \u2022 Sainte-Chapelle PROGRAMME Georg Philipp TELEMANN (1681-1767) &#8211; Extraits de : &#8211; Sonate pour viole de gambe et basse continue &#8211; Fantaisie pour clavecin &#8211; 7\u00e8me Fantaisie pour violon solo sans basse &#8211; Sonate en trio pour Violon, viole de gambe et basse continue Nom du fichier [&hellip;]<\/p>\n","protected":false},"author":1,"featured_media":0,"parent":128,"menu_order":11,"comment_status":"closed","ping_status":"closed","template":"","meta":{"_monsterinsights_skip_tracking":false,"_monsterinsights_sitenote_active":false,"_monsterinsights_sitenote_note":"","_monsterinsights_sitenote_category":0,"footnotes":""},"folder":[],"class_list":["post-810","page","type-page","status-publish","hentry"],"aioseo_notices":[],"_links":{"self":[{"href":"https:\/\/lesamisdelasaintechapelle.com\/index.php\/wp-json\/wp\/v2\/pages\/810","targetHints":{"allow":["GET"]}}],"collection":[{"href":"https:\/\/lesamisdelasaintechapelle.com\/index.php\/wp-json\/wp\/v2\/pages"}],"about":[{"href":"https:\/\/lesamisdelasaintechapelle.com\/index.php\/wp-json\/wp\/v2\/types\/page"}],"author":[{"embeddable":true,"href":"https:\/\/lesamisdelasaintechapelle.com\/index.php\/wp-json\/wp\/v2\/users\/1"}],"replies":[{"embeddable":true,"href":"https:\/\/lesamisdelasaintechapelle.com\/index.php\/wp-json\/wp\/v2\/comments?post=810"}],"version-history":[{"count":8,"href":"https:\/\/lesamisdelasaintechapelle.com\/index.php\/wp-json\/wp\/v2\/pages\/810\/revisions"}],"predecessor-version":[{"id":918,"href":"https:\/\/lesamisdelasaintechapelle.com\/index.php\/wp-json\/wp\/v2\/pages\/810\/revisions\/918"}],"up":[{"embeddable":true,"href":"https:\/\/lesamisdelasaintechapelle.com\/index.php\/wp-json\/wp\/v2\/pages\/128"}],"wp:attachment":[{"href":"https:\/\/lesamisdelasaintechapelle.com\/index.php\/wp-json\/wp\/v2\/media?parent=810"}],"wp:term":[{"taxonomy":"folder","embeddable":true,"href":"https:\/\/lesamisdelasaintechapelle.com\/index.php\/wp-json\/wp\/v2\/folder?post=810"}],"curies":[{"name":"wp","href":"https:\/\/api.w.org\/{rel}","templated":true}]}}