{"id":446,"date":"2024-03-06T19:10:28","date_gmt":"2024-03-06T18:10:28","guid":{"rendered":"https:\/\/lesamisdelasaintechapelle.com\/?page_id=446"},"modified":"2026-03-27T17:39:48","modified_gmt":"2026-03-27T16:39:48","slug":"abendmusik","status":"publish","type":"page","link":"https:\/\/lesamisdelasaintechapelle.com\/index.php\/programmation\/abendmusik\/","title":{"rendered":"ABENDMUSIK"},"content":{"rendered":"\n<h3 class=\"wp-block-heading\">MERCREDI 10 JUIN 2026 \u2022 18H (DUR\u00c9E 1H) \u2022 SAINTE-CHAPELLE<\/h3>\n\n\n\n<div class=\"wp-block-cover is-light\" style=\"min-height:300px;aspect-ratio:unset;\"><img loading=\"lazy\" decoding=\"async\" width=\"478\" height=\"640\" class=\"wp-block-cover__image-background wp-image-226\" alt=\"\" src=\"http:\/\/lesamisdelasaintechapelle.com\/wp-content\/uploads\/2024\/03\/detail-orgue.jpg\" style=\"object-position:48% 61%\" data-object-fit=\"cover\" data-object-position=\"48% 61%\" srcset=\"https:\/\/lesamisdelasaintechapelle.com\/wp-content\/uploads\/2024\/03\/detail-orgue.jpg 478w, https:\/\/lesamisdelasaintechapelle.com\/wp-content\/uploads\/2024\/03\/detail-orgue-224x300.jpg 224w\" sizes=\"auto, (max-width: 478px) 100vw, 478px\" \/><span aria-hidden=\"true\" class=\"wp-block-cover__background has-white-background-color has-background-dim\"><\/span><div class=\"wp-block-cover__inner-container is-layout-constrained wp-block-cover-is-layout-constrained\">\n<p class=\"has-text-align-center MrsEavesRoman has-black-color has-text-color has-link-color has-medium-font-size wp-elements-cc57bd8e16937b4cda7257322fe3350f\"><em><strong>R\u00e9veillez-vous, c\u0153urs endormis ! Venez \u00e9couter l&rsquo;orgue !<\/strong><\/em><\/p>\n\n\n\n<div style=\"height:40px\" aria-hidden=\"true\" class=\"wp-block-spacer\"><\/div>\n\n\n\n<div class=\"wp-block-group a-la-ligne\"><div class=\"wp-block-group__inner-container is-layout-constrained wp-block-group-is-layout-constrained\">\n<p class=\"has-text-align-center MrsEavesRoman has-black-color has-text-color has-link-color has-medium-font-size wp-elements-97687cad307967a227c18192d417442e\"><strong>Audition des \u00e9l\u00e8ves de la classe d&rsquo;orgue de la Cit\u00e9 des Arts de Chamb\u00e9ry,<\/strong><\/p>\n\n\n\n<p class=\"has-text-align-center MrsEavesRoman has-black-color has-text-color has-link-color has-medium-font-size wp-elements-fe9722431606fcdb77f27f79a2fa3b80\"><strong>direction musicale Muriel Nauche-Groz<\/strong><\/p>\n<\/div><\/div>\n\n\n\n<p class=\"has-text-align-center MrsEavesRoman\">Concert gratuit en entr\u00e9e libre | *<em>Abendmusik<\/em> : Musique pour le soir<\/p>\n<\/div><\/div>\n\n\n\n<div class=\"wp-block-group\"><div class=\"wp-block-group__inner-container is-layout-constrained wp-block-group-is-layout-constrained\">\n<div style=\"height:10px\" aria-hidden=\"true\" class=\"wp-block-spacer\"><\/div>\n\n\n\n<div class=\"wp-block-columns are-vertically-aligned-center is-layout-flex wp-container-core-columns-is-layout-9d6595d7 wp-block-columns-is-layout-flex\">\n<div class=\"wp-block-column is-vertically-aligned-center is-layout-flow wp-block-column-is-layout-flow\">\n<div class=\"wp-block-buttons is-vertical is-content-justification-center is-nowrap is-layout-flex wp-container-core-buttons-is-layout-534da0b3 wp-block-buttons-is-layout-flex\">\n<div class=\"wp-block-button has-custom-width wp-block-button__width-50 is-style-outline is-style-outline--1\"><a class=\"wp-block-button__link has-text-color has-link-color has-text-align-center wp-element-button\" href=\"https:\/\/www.billetweb.fr\/festival-de-printemps-2026\" style=\"border-radius:0px;color:#ff956c\" target=\"_blank\" rel=\"noreferrer noopener\">R\u00c9SERVATION<\/a><\/div>\n<\/div>\n<\/div>\n\n\n\n<div class=\"wp-block-column is-vertically-aligned-center is-layout-flow wp-block-column-is-layout-flow\">\n<div class=\"wp-block-group a-la-ligne\"><div class=\"wp-block-group__inner-container is-layout-constrained wp-block-group-is-layout-constrained\">\n<p class=\"has-text-align-center\">R\u00e9servation possible \u00e0 :<\/p>\n\n\n\n<p class=\"has-text-align-center\">contact@lesamisdelasaintechapelle.com<\/p>\n\n\n\n<p class=\"has-text-align-center\">06 14 31 66 71<\/p>\n<\/div><\/div>\n<\/div>\n<\/div>\n\n\n\n<hr class=\"wp-block-separator has-text-color has-alpha-channel-opacity has-background is-style-wide\" style=\"background-color:#41c7c0;color:#41c7c0\"\/>\n<\/div><\/div>\n\n\n\n<h6 class=\"wp-block-heading\">PROGRAMME<\/h6>\n\n\n\n<div class=\"wp-block-columns are-vertically-aligned-center is-layout-flex wp-container-core-columns-is-layout-9d6595d7 wp-block-columns-is-layout-flex\">\n<div class=\"wp-block-column is-vertically-aligned-center is-layout-flow wp-block-column-is-layout-flow\">\n<ul class=\"wp-block-list\">\n<li>Pi\u00e8ces pour orgue<\/li>\n<\/ul>\n<\/div>\n\n\n\n<div class=\"wp-block-column is-vertically-aligned-center hide2 is-layout-flow wp-block-column-is-layout-flow\">\n<div class=\"wp-block-group has-background is-vertical is-content-justification-center is-layout-flex wp-container-core-group-is-layout-48c2c4f0 wp-block-group-is-layout-flex\" style=\"background-color:#efe2cf\">\n<p class=\"has-text-align-center\">Nom du fichier : Programme 16-10<\/p>\n\n\n\n<p class=\"has-text-align-center has-small-font-size\">Taille : 280 Ko<\/p>\n\n\n\n<div class=\"wp-block-file\"><a id=\"wp-block-file--media-0a35c6ac-e49b-4f1a-b182-eca7ef7234b3\" href=\"http:\/\/lesamisdelasaintechapelle.com\/wp-content\/uploads\/2024\/09\/Programme-16-10.jpg\">Aper\u00e7u<\/a><a href=\"http:\/\/lesamisdelasaintechapelle.com\/wp-content\/uploads\/2024\/09\/Programme-16-10.jpg\" class=\"wp-block-file__button wp-element-button\" download aria-describedby=\"wp-block-file--media-0a35c6ac-e49b-4f1a-b182-eca7ef7234b3\">T\u00e9l\u00e9charger<\/a><\/div>\n<\/div>\n<\/div>\n<\/div>\n\n\n\n<hr class=\"wp-block-separator has-text-color has-alpha-channel-opacity has-background is-style-wide\" style=\"background-color:#41c7c0;color:#41c7c0\"\/>\n\n\n\n<h6 class=\"wp-block-heading\">LIEU<\/h6>\n\n\n\n<div class=\"wp-block-columns are-vertically-aligned-center is-layout-flex wp-container-core-columns-is-layout-9d6595d7 wp-block-columns-is-layout-flex\">\n<div class=\"wp-block-column is-vertically-aligned-center is-layout-flow wp-block-column-is-layout-flow\" style=\"flex-basis:40%\">\n<div class=\"wp-block-group a-la-ligne\"><div class=\"wp-block-group__inner-container is-layout-constrained wp-block-group-is-layout-constrained\">\n<p>Sainte-Chapelle du Ch\u00e2teau des Ducs de Savoie<\/p>\n\n\n\n<p>entr\u00e9e par la grille place du ch\u00e2teau<\/p>\n\n\n\n<p>(statue des fr\u00e8res de Maistre)<\/p>\n<\/div><\/div>\n\n\n\n<div class=\"wp-block-group a-la-ligne\"><div class=\"wp-block-group__inner-container is-layout-constrained wp-block-group-is-layout-constrained\">\n<p>Place du Ch\u00e2teau<\/p>\n\n\n\n<p>73 000 Chamb\u00e9ry<\/p>\n<\/div><\/div>\n\n\n\n<p><a href=\"https:\/\/lesamisdelasaintechapelle.com\/index.php\/acces-concerts\/#plans\" target=\"_blank\" rel=\"noopener\" title=\"(plan)\">Plan d&rsquo;acc\u00e8s aux concerts<\/a><\/p>\n<\/div>\n\n\n\n<div class=\"wp-block-column is-vertically-aligned-center is-layout-flow wp-block-column-is-layout-flow\">\n<iframe src=\"https:\/\/www.google.com\/maps\/embed?pb=!1m18!1m12!1m3!1d2793.27389758943!2d5.915683175196516!3d45.56493037107571!2m3!1f0!2f0!3f0!3m2!1i1024!2i768!4f13.1!3m3!1m2!1s0x478ba93069d72ec3%3A0xe06d5acd24ae4abb!2sSainte-Chapelle%20du%20Ch%C3%A2teau%20des%20Ducs%20de%20Savoie!5e0!3m2!1sfr!2sfr!4v1709751119819!5m2!1sfr!2sfr\" width=\"600\" height=\"100%\" style=\"border:0;\" allowfullscreen=\"\" loading=\"lazy\" referrerpolicy=\"no-referrer-when-downgrade\"><\/iframe>\n<\/div>\n<\/div>\n\n\n\n<div style=\"height:53px\" aria-hidden=\"true\" id=\"tarifs\" class=\"wp-block-spacer ancre\"><\/div>\n\n\n\n<hr class=\"wp-block-separator has-text-color has-alpha-channel-opacity has-background is-style-wide\" style=\"background-color:#41c7c0;color:#41c7c0\"\/>\n\n\n\n<h6 class=\"wp-block-heading\">TARIFS<\/h6>\n\n\n\n<div class=\"wp-block-columns are-vertically-aligned-center is-layout-flex wp-container-core-columns-is-layout-9d6595d7 wp-block-columns-is-layout-flex\">\n<div class=\"wp-block-column is-vertically-aligned-center is-layout-flow wp-block-column-is-layout-flow\" style=\"flex-basis:25%\">\n<p>Gratuit, entr\u00e9e libre<\/p>\n<\/div>\n\n\n\n<div class=\"wp-block-column is-vertically-aligned-center is-layout-flow wp-block-column-is-layout-flow\" style=\"flex-basis:38%\">\n<div class=\"wp-block-buttons is-vertical is-content-justification-center is-layout-flex wp-container-core-buttons-is-layout-9a7cdcfd wp-block-buttons-is-layout-flex\">\n<div class=\"wp-block-button has-custom-width wp-block-button__width-75 is-style-outline is-style-outline--2\"><a class=\"wp-block-button__link has-text-color has-link-color has-text-align-center wp-element-button\" href=\"https:\/\/www.billetweb.fr\/festival-de-printemps-2026\" style=\"border-radius:0px;color:#ff956c\" target=\"_blank\" rel=\"noreferrer noopener\">R\u00c9SERVATION<\/a><\/div>\n<\/div>\n\n\n\n<div style=\"height:20px\" aria-hidden=\"true\" class=\"wp-block-spacer\"><\/div>\n<\/div>\n\n\n\n<div class=\"wp-block-column is-vertically-aligned-center is-layout-flow wp-block-column-is-layout-flow\">\n<div class=\"wp-block-group a-la-ligne\"><div class=\"wp-block-group__inner-container is-layout-constrained wp-block-group-is-layout-constrained\">\n<p class=\"has-text-align-center\">R\u00e9servation possible \u00e0 :<\/p>\n\n\n\n<p class=\"has-text-align-center\">contact@lesamisdelasaintechapelle.com<\/p>\n\n\n\n<p class=\"has-text-align-center\">06 14 31 66 71<\/p>\n<\/div><\/div>\n<\/div>\n<\/div>\n\n\n\n<hr class=\"wp-block-separator has-text-color has-alpha-channel-opacity has-background is-style-wide\" style=\"background-color:#41c7c0;color:#41c7c0\"\/>\n\n\n\n<h6 class=\"wp-block-heading\">LES ARTISTES<\/h6>\n\n\n\n<div class=\"wp-block-columns are-vertically-aligned-top hide2 is-layout-flex wp-container-core-columns-is-layout-9d6595d7 wp-block-columns-is-layout-flex\">\n<div class=\"wp-block-column is-vertically-aligned-top is-layout-flow wp-block-column-is-layout-flow\"><div class=\"wp-block-image is-style-rounded\">\n<figure class=\"aligncenter size-full\"><img loading=\"lazy\" decoding=\"async\" width=\"478\" height=\"640\" src=\"http:\/\/lesamisdelasaintechapelle.com\/wp-content\/uploads\/2024\/03\/detail-orgue.jpg\" alt=\"\" class=\"wp-image-226\" style=\"aspect-ratio:1;object-fit:cover\" srcset=\"https:\/\/lesamisdelasaintechapelle.com\/wp-content\/uploads\/2024\/03\/detail-orgue.jpg 478w, https:\/\/lesamisdelasaintechapelle.com\/wp-content\/uploads\/2024\/03\/detail-orgue-224x300.jpg 224w\" sizes=\"auto, (max-width: 478px) 100vw, 478px\" \/><\/figure>\n<\/div>\n\n\n<p class=\"has-text-align-center\">Les \u00e9l\u00e8ves des classes de luth et d&rsquo;orgue<\/p>\n<\/div>\n\n\n\n<div class=\"wp-block-column is-vertically-aligned-top is-layout-flow wp-block-column-is-layout-flow\"><div class=\"wp-block-image is-style-rounded\">\n<figure class=\"aligncenter size-full\"><img loading=\"lazy\" decoding=\"async\" width=\"2001\" height=\"2001\" src=\"http:\/\/lesamisdelasaintechapelle.com\/wp-content\/uploads\/2025\/07\/Muriel-Groz-crop.jpg\" alt=\"\" class=\"wp-image-1459\" style=\"aspect-ratio:1;object-fit:cover\" srcset=\"https:\/\/lesamisdelasaintechapelle.com\/wp-content\/uploads\/2025\/07\/Muriel-Groz-crop.jpg 2001w, https:\/\/lesamisdelasaintechapelle.com\/wp-content\/uploads\/2025\/07\/Muriel-Groz-crop-300x300.jpg 300w, https:\/\/lesamisdelasaintechapelle.com\/wp-content\/uploads\/2025\/07\/Muriel-Groz-crop-1024x1024.jpg 1024w, https:\/\/lesamisdelasaintechapelle.com\/wp-content\/uploads\/2025\/07\/Muriel-Groz-crop-150x150.jpg 150w, https:\/\/lesamisdelasaintechapelle.com\/wp-content\/uploads\/2025\/07\/Muriel-Groz-crop-768x768.jpg 768w, https:\/\/lesamisdelasaintechapelle.com\/wp-content\/uploads\/2025\/07\/Muriel-Groz-crop-1536x1536.jpg 1536w, https:\/\/lesamisdelasaintechapelle.com\/wp-content\/uploads\/2025\/07\/Muriel-Groz-crop-600x600.jpg 600w\" sizes=\"auto, (max-width: 2001px) 100vw, 2001px\" \/><\/figure>\n<\/div>\n\n\n<p class=\"has-text-align-center\">Muriel Nauche-Groz<\/p>\n\n\n\n<p class=\"has-text-align-center\">Professeur d&rsquo;orgue \u00e0 la Cit\u00e9 des Arts de Chamb\u00e9ry et au Conservatoire de Voiron<\/p>\n<\/div>\n\n\n\n<div class=\"wp-block-column is-vertically-aligned-top is-layout-flow wp-block-column-is-layout-flow\"><div class=\"wp-block-image is-style-rounded wp-duotone-dark-grayscale\">\n<figure class=\"aligncenter size-large\"><img loading=\"lazy\" decoding=\"async\" width=\"500\" height=\"1024\" src=\"http:\/\/lesamisdelasaintechapelle.com\/wp-content\/uploads\/2024\/03\/Vitrail-Sainte-Chapelle-crop-blanc-gauche-500x1024.png\" alt=\"\" class=\"wp-image-545\" style=\"aspect-ratio:1;object-fit:cover\" srcset=\"https:\/\/lesamisdelasaintechapelle.com\/wp-content\/uploads\/2024\/03\/Vitrail-Sainte-Chapelle-crop-blanc-gauche-500x1024.png 500w, https:\/\/lesamisdelasaintechapelle.com\/wp-content\/uploads\/2024\/03\/Vitrail-Sainte-Chapelle-crop-blanc-gauche-146x300.png 146w, https:\/\/lesamisdelasaintechapelle.com\/wp-content\/uploads\/2024\/03\/Vitrail-Sainte-Chapelle-crop-blanc-gauche-768x1573.png 768w, https:\/\/lesamisdelasaintechapelle.com\/wp-content\/uploads\/2024\/03\/Vitrail-Sainte-Chapelle-crop-blanc-gauche-750x1536.png 750w, https:\/\/lesamisdelasaintechapelle.com\/wp-content\/uploads\/2024\/03\/Vitrail-Sainte-Chapelle-crop-blanc-gauche-1000x2048.png 1000w, https:\/\/lesamisdelasaintechapelle.com\/wp-content\/uploads\/2024\/03\/Vitrail-Sainte-Chapelle-crop-blanc-gauche-600x1229.png 600w, https:\/\/lesamisdelasaintechapelle.com\/wp-content\/uploads\/2024\/03\/Vitrail-Sainte-Chapelle-crop-blanc-gauche.png 1132w\" sizes=\"auto, (max-width: 500px) 100vw, 500px\" \/><\/figure>\n<\/div>\n\n\n<p class=\"has-text-align-center\">Gustavo Mart\u00ednez<\/p>\n\n\n\n<p class=\"has-text-align-center\">Professeur de luth, de th\u00e9orbe et de guitare ancienne \u00e0 la Cit\u00e9 des Arts de Chamb\u00e9ry<\/p>\n<\/div>\n<\/div>\n\n\n\n<div class=\"wp-block-columns are-vertically-aligned-center is-layout-flex wp-container-core-columns-is-layout-9d6595d7 wp-block-columns-is-layout-flex\">\n<div class=\"wp-block-column is-vertically-aligned-center is-layout-flow wp-block-column-is-layout-flow\" style=\"flex-basis:20%\"><div class=\"wp-block-image is-style-rounded wp-duotone-unset-3\">\n<figure class=\"aligncenter size-full\"><img loading=\"lazy\" decoding=\"async\" width=\"478\" height=\"640\" src=\"http:\/\/lesamisdelasaintechapelle.com\/wp-content\/uploads\/2024\/03\/detail-orgue.jpg\" alt=\"\" class=\"wp-image-226\" style=\"aspect-ratio:1;object-fit:cover\" srcset=\"https:\/\/lesamisdelasaintechapelle.com\/wp-content\/uploads\/2024\/03\/detail-orgue.jpg 478w, https:\/\/lesamisdelasaintechapelle.com\/wp-content\/uploads\/2024\/03\/detail-orgue-224x300.jpg 224w\" sizes=\"auto, (max-width: 478px) 100vw, 478px\" \/><\/figure>\n<\/div><\/div>\n\n\n\n<div class=\"wp-block-column is-vertically-aligned-center is-layout-flow wp-block-column-is-layout-flow\" style=\"flex-basis:80%\">\n<p class=\"has-text-align-left\">Les \u00e9l\u00e8ves de la classe d&rsquo;orgue<\/p>\n<\/div>\n<\/div>\n\n\n\n<div class=\"wp-block-columns are-vertically-aligned-center is-layout-flex wp-container-core-columns-is-layout-9d6595d7 wp-block-columns-is-layout-flex\">\n<div class=\"wp-block-column is-vertically-aligned-center is-layout-flow wp-block-column-is-layout-flow\" style=\"flex-basis:20%\"><div class=\"wp-block-image is-style-rounded\">\n<figure class=\"aligncenter size-full\"><img loading=\"lazy\" decoding=\"async\" width=\"2001\" height=\"2001\" src=\"http:\/\/lesamisdelasaintechapelle.com\/wp-content\/uploads\/2025\/07\/Muriel-Groz-crop.jpg\" alt=\"\" class=\"wp-image-1459\" style=\"aspect-ratio:1;object-fit:cover\" srcset=\"https:\/\/lesamisdelasaintechapelle.com\/wp-content\/uploads\/2025\/07\/Muriel-Groz-crop.jpg 2001w, https:\/\/lesamisdelasaintechapelle.com\/wp-content\/uploads\/2025\/07\/Muriel-Groz-crop-300x300.jpg 300w, https:\/\/lesamisdelasaintechapelle.com\/wp-content\/uploads\/2025\/07\/Muriel-Groz-crop-1024x1024.jpg 1024w, https:\/\/lesamisdelasaintechapelle.com\/wp-content\/uploads\/2025\/07\/Muriel-Groz-crop-150x150.jpg 150w, https:\/\/lesamisdelasaintechapelle.com\/wp-content\/uploads\/2025\/07\/Muriel-Groz-crop-768x768.jpg 768w, https:\/\/lesamisdelasaintechapelle.com\/wp-content\/uploads\/2025\/07\/Muriel-Groz-crop-1536x1536.jpg 1536w, https:\/\/lesamisdelasaintechapelle.com\/wp-content\/uploads\/2025\/07\/Muriel-Groz-crop-600x600.jpg 600w\" sizes=\"auto, (max-width: 2001px) 100vw, 2001px\" \/><\/figure>\n<\/div><\/div>\n\n\n\n<div class=\"wp-block-column is-vertically-aligned-center is-layout-flow wp-block-column-is-layout-flow\" style=\"flex-basis:80%\">\n<p class=\"has-text-align-left\">Muriel Nauche-Groz<\/p>\n\n\n\n<p class=\"has-text-align-left\">Professeur d&rsquo;orgue \u00e0 la Cit\u00e9 des Arts de Chamb\u00e9ry et au Conservatoire de Voiron<\/p>\n<\/div>\n<\/div>\n\n\n\n<p><\/p>\n","protected":false},"excerpt":{"rendered":"<p>MERCREDI 10 JUIN 2026 \u2022 18H (DUR\u00c9E 1H) \u2022 SAINTE-CHAPELLE R\u00e9servation possible \u00e0 : contact@lesamisdelasaintechapelle.com 06 14 31 66 71 PROGRAMME Nom du fichier : Programme 16-10 Taille : 280 Ko LIEU Sainte-Chapelle du Ch\u00e2teau des Ducs de Savoie entr\u00e9e par la grille place du ch\u00e2teau (statue des fr\u00e8res de Maistre) Place du Ch\u00e2teau 73 [&hellip;]<\/p>\n","protected":false},"author":1,"featured_media":0,"parent":128,"menu_order":5,"comment_status":"closed","ping_status":"closed","template":"","meta":{"_monsterinsights_skip_tracking":false,"_monsterinsights_sitenote_active":false,"_monsterinsights_sitenote_note":"","_monsterinsights_sitenote_category":0,"footnotes":""},"folder":[],"class_list":["post-446","page","type-page","status-publish","hentry"],"aioseo_notices":[],"_links":{"self":[{"href":"https:\/\/lesamisdelasaintechapelle.com\/index.php\/wp-json\/wp\/v2\/pages\/446","targetHints":{"allow":["GET"]}}],"collection":[{"href":"https:\/\/lesamisdelasaintechapelle.com\/index.php\/wp-json\/wp\/v2\/pages"}],"about":[{"href":"https:\/\/lesamisdelasaintechapelle.com\/index.php\/wp-json\/wp\/v2\/types\/page"}],"author":[{"embeddable":true,"href":"https:\/\/lesamisdelasaintechapelle.com\/index.php\/wp-json\/wp\/v2\/users\/1"}],"replies":[{"embeddable":true,"href":"https:\/\/lesamisdelasaintechapelle.com\/index.php\/wp-json\/wp\/v2\/comments?post=446"}],"version-history":[{"count":48,"href":"https:\/\/lesamisdelasaintechapelle.com\/index.php\/wp-json\/wp\/v2\/pages\/446\/revisions"}],"predecessor-version":[{"id":2657,"href":"https:\/\/lesamisdelasaintechapelle.com\/index.php\/wp-json\/wp\/v2\/pages\/446\/revisions\/2657"}],"up":[{"embeddable":true,"href":"https:\/\/lesamisdelasaintechapelle.com\/index.php\/wp-json\/wp\/v2\/pages\/128"}],"wp:attachment":[{"href":"https:\/\/lesamisdelasaintechapelle.com\/index.php\/wp-json\/wp\/v2\/media?parent=446"}],"wp:term":[{"taxonomy":"folder","embeddable":true,"href":"https:\/\/lesamisdelasaintechapelle.com\/index.php\/wp-json\/wp\/v2\/folder?post=446"}],"curies":[{"name":"wp","href":"https:\/\/api.w.org\/{rel}","templated":true}]}}