{"id":1961,"date":"2025-11-05T11:12:35","date_gmt":"2025-11-05T10:12:35","guid":{"rendered":"https:\/\/lesamisdelasaintechapelle.com\/?page_id=1961"},"modified":"2026-02-20T12:15:13","modified_gmt":"2026-02-20T11:15:13","slug":"autour-de-lorgue-de-la-sainte-chapelle","status":"publish","type":"page","link":"https:\/\/lesamisdelasaintechapelle.com\/index.php\/programmation\/autour-de-lorgue-de-la-sainte-chapelle\/","title":{"rendered":"Autour de l&rsquo;orgue de la Sainte-Chapelle"},"content":{"rendered":"\n<h3 class=\"wp-block-heading\">JEUDI 9 OCTOBRE 2025 \u2022 14H (DUR\u00c9E 1H) \u2022 SAINTE-CHAPELLE<\/h3>\n\n\n\n<div class=\"wp-block-cover is-light\" style=\"min-height:200px;aspect-ratio:unset;\"><img loading=\"lazy\" decoding=\"async\" width=\"598\" height=\"800\" class=\"wp-block-cover__image-background wp-image-224 size-full\" alt=\"\" src=\"http:\/\/lesamisdelasaintechapelle.com\/wp-content\/uploads\/2024\/03\/orgue-chapelle-ducale.jpg\" style=\"object-position:52% 38%\" data-object-fit=\"cover\" data-object-position=\"52% 38%\" srcset=\"https:\/\/lesamisdelasaintechapelle.com\/wp-content\/uploads\/2024\/03\/orgue-chapelle-ducale.jpg 598w, https:\/\/lesamisdelasaintechapelle.com\/wp-content\/uploads\/2024\/03\/orgue-chapelle-ducale-224x300.jpg 224w\" sizes=\"auto, (max-width: 598px) 100vw, 598px\" \/><span aria-hidden=\"true\" class=\"wp-block-cover__background has-white-background-color has-background-dim-70 has-background-dim\"><\/span><div class=\"wp-block-cover__inner-container is-layout-constrained wp-block-cover-is-layout-constrained\">\n<div class=\"wp-block-group a-la-ligne\"><div class=\"wp-block-group__inner-container is-layout-constrained wp-block-group-is-layout-constrained\">\n<p class=\"has-text-align-center\"><strong><em>Si la Sainte-Chapelle \u00e9tait une Nef et sa tribune d&rsquo;orgue, sa cabine de pilotage ? Embarquez d\u00e9couvrir sa machinerie, ses tuyaux, sa soufflerie !<\/em><\/strong><\/p>\n\n\n\n<div style=\"height:20px\" aria-hidden=\"true\" class=\"wp-block-spacer\"><\/div>\n\n\n\n<p class=\"has-text-align-center\"><strong>Nous vous proposons de faire visiter aux scolaires, \u00e9tudiants et amateurs \u00e9clair\u00e9s l&rsquo;int\u00e9rieur de l&rsquo;orgue de la Sainte chapelle, avec tous ses secrets : les grands soufflets, le moteur, les 1500 tuyaux\u2026 L&rsquo;orgue est un instrument imposant qu&rsquo;on admire souvent d&rsquo;en bas dans une \u00e9glise. Mais comprendre le fonctionnement de cet instrument bi-mill\u00e9naire en p\u00e9n\u00e9trant dans ses coulisses est \u00e9galement passionnant !<\/strong><\/p>\n<\/div><\/div>\n<\/div><\/div>\n\n\n\n<div class=\"wp-block-group\"><div class=\"wp-block-group__inner-container is-layout-constrained wp-block-group-is-layout-constrained\">\n<div style=\"height:10px\" aria-hidden=\"true\" class=\"wp-block-spacer\"><\/div>\n\n\n\n<div class=\"wp-block-columns are-vertically-aligned-center is-layout-flex wp-container-core-columns-is-layout-9d6595d7 wp-block-columns-is-layout-flex\">\n<div class=\"wp-block-column is-vertically-aligned-center is-layout-flow wp-block-column-is-layout-flow\" style=\"flex-basis:20%\">\n<div class=\"wp-block-buttons is-vertical is-content-justification-center is-layout-flex wp-container-core-buttons-is-layout-9a7cdcfd wp-block-buttons-is-layout-flex\">\n<div class=\"wp-block-button has-custom-width wp-block-button__width-75 is-style-outline is-style-outline--1\"><a class=\"wp-block-button__link has-text-color has-link-color has-text-align-center wp-element-button\" href=\"https:\/\/lesamisdelasaintechapelle.com\/index.php\/programmation\/autour-de-lorgue-de-la-sainte-chapelle\/#tarifs\" style=\"border-radius:0px;color:#ff956c\">TARIFS<\/a><\/div>\n<\/div>\n<\/div>\n\n\n\n<div class=\"wp-block-column is-vertically-aligned-center is-layout-flow wp-block-column-is-layout-flow\" style=\"flex-basis:45%\">\n<div class=\"wp-block-buttons is-vertical is-content-justification-center is-nowrap is-layout-flex wp-container-core-buttons-is-layout-534da0b3 wp-block-buttons-is-layout-flex\">\n<div class=\"wp-block-button has-custom-width wp-block-button__width-100 is-style-outline is-style-outline--2\"><a class=\"wp-block-button__link has-text-color has-link-color has-text-align-center wp-element-button\" href=\"https:\/\/www.billetweb.fr\/festival-dautomne-2025\" style=\"border-radius:0px;color:#ff956c\" target=\"_blank\" rel=\"noreferrer noopener\">BILLETTERIE | R\u00c9SERVATION<\/a><\/div>\n<\/div>\n<\/div>\n\n\n\n<div class=\"wp-block-column is-vertically-aligned-center is-layout-flow wp-block-column-is-layout-flow\" style=\"flex-basis:35%\">\n<p class=\"has-text-align-center\">R\u00e9servation par mail possible \u00e0 :<\/p>\n\n\n\n<p class=\"has-text-align-center\">contact@lesamisdelasaintechapelle.com<\/p>\n<\/div>\n<\/div>\n<\/div><\/div>\n\n\n\n<hr class=\"wp-block-separator has-text-color has-alpha-channel-opacity has-background is-style-wide\" style=\"background-color:#41c7c0;color:#41c7c0\"\/>\n\n\n\n<h6 class=\"wp-block-heading\">PROGRAMME<\/h6>\n\n\n\n<div class=\"wp-block-columns are-vertically-aligned-center is-layout-flex wp-container-core-columns-is-layout-9d6595d7 wp-block-columns-is-layout-flex\">\n<div class=\"wp-block-column is-vertically-aligned-center is-layout-flow wp-block-column-is-layout-flow\" style=\"flex-basis:60%\">\n<p>Pi\u00e8ces d&rsquo;orgue<\/p>\n<\/div>\n\n\n\n<div class=\"wp-block-column is-vertically-aligned-center hide2 is-layout-flow wp-block-column-is-layout-flow\" style=\"flex-basis:40%\">\n<div class=\"wp-block-group has-background is-vertical is-content-justification-center is-layout-flex wp-container-core-group-is-layout-48c2c4f0 wp-block-group-is-layout-flex\" style=\"background-color:#efe2cf\">\n<p class=\"has-text-align-center\">Nom du fichier : Programme 13-10<\/p>\n\n\n\n<p class=\"has-text-align-center has-small-font-size\">Taille : 471 Ko<\/p>\n\n\n\n<div class=\"wp-block-file\"><a id=\"wp-block-file--media-6ffc21e2-7da0-4fbb-b3fa-ca496b7488f4\" href=\"http:\/\/lesamisdelasaintechapelle.com\/wp-content\/uploads\/2024\/09\/Programme-13-10.jpg\">Aper\u00e7u<\/a><a href=\"http:\/\/lesamisdelasaintechapelle.com\/wp-content\/uploads\/2024\/09\/Programme-13-10.jpg\" class=\"wp-block-file__button wp-element-button\" download aria-describedby=\"wp-block-file--media-6ffc21e2-7da0-4fbb-b3fa-ca496b7488f4\">T\u00e9l\u00e9charger<\/a><\/div>\n<\/div>\n\n\n\n<div style=\"height:30px\" aria-hidden=\"true\" class=\"wp-block-spacer\"><\/div>\n\n\n\n<div class=\"wp-block-group has-background is-vertical is-content-justification-center is-layout-flex wp-container-core-group-is-layout-48c2c4f0 wp-block-group-is-layout-flex\" style=\"background-color:#efe2cf\">\n<p class=\"has-text-align-center\">Nom du fichier : 13-10 Traduction des textes anglais<\/p>\n\n\n\n<p class=\"has-text-align-center has-small-font-size\">Taille : 755 Ko<\/p>\n\n\n\n<div class=\"wp-block-file\"><a id=\"wp-block-file--media-2c4ed613-cdd8-47ed-92ca-0e88d587207d\" href=\"http:\/\/lesamisdelasaintechapelle.com\/wp-content\/uploads\/2024\/10\/13-10-Traduction-des-textes-anglais.pdf\">Aper\u00e7u<\/a><a href=\"http:\/\/lesamisdelasaintechapelle.com\/wp-content\/uploads\/2024\/10\/13-10-Traduction-des-textes-anglais.pdf\" class=\"wp-block-file__button wp-element-button\" download aria-describedby=\"wp-block-file--media-2c4ed613-cdd8-47ed-92ca-0e88d587207d\">T\u00e9l\u00e9charger<\/a><\/div>\n<\/div>\n<\/div>\n<\/div>\n\n\n\n<hr class=\"wp-block-separator has-text-color has-alpha-channel-opacity has-background is-style-wide\" style=\"background-color:#41c7c0;color:#41c7c0\"\/>\n\n\n\n<h6 class=\"wp-block-heading\">LIEU<\/h6>\n\n\n\n<div class=\"wp-block-columns are-vertically-aligned-center is-layout-flex wp-container-core-columns-is-layout-9d6595d7 wp-block-columns-is-layout-flex\">\n<div class=\"wp-block-column is-vertically-aligned-center is-layout-flow wp-block-column-is-layout-flow\" style=\"flex-basis:33.33%\">\n<div class=\"wp-block-group a-la-ligne\"><div class=\"wp-block-group__inner-container is-layout-constrained wp-block-group-is-layout-constrained\">\n<p>Sainte-Chapelle du Ch\u00e2teau des Ducs de Savoie<\/p>\n\n\n\n<p>Place du Ch\u00e2teau<\/p>\n\n\n\n<p>73 000 Chamb\u00e9ry<\/p>\n<\/div><\/div>\n\n\n\n<p id=\"tarifs\"><a href=\"https:\/\/lesamisdelasaintechapelle.com\/index.php\/acces-concerts\/\" target=\"_blank\" rel=\"noopener\" title=\"(plan)\">Plan d&rsquo;acc\u00e8s aux concerts<\/a><\/p>\n<\/div>\n\n\n\n<div class=\"wp-block-column is-vertically-aligned-center is-layout-flow wp-block-column-is-layout-flow\" style=\"flex-basis:66.66%\">\n<iframe src=\"https:\/\/www.google.com\/maps\/embed?pb=!1m18!1m12!1m3!1d2793.27389758943!2d5.915683175196516!3d45.56493037107571!2m3!1f0!2f0!3f0!3m2!1i1024!2i768!4f13.1!3m3!1m2!1s0x478ba93069d72ec3%3A0xe06d5acd24ae4abb!2sSainte-Chapelle%20du%20Ch%C3%A2teau%20des%20Ducs%20de%20Savoie!5e0!3m2!1sfr!2sfr!4v1709751119819!5m2!1sfr!2sfr\" width=\"600\" height=\"100%\" style=\"border:0;\" allowfullscreen=\"\" loading=\"lazy\" referrerpolicy=\"no-referrer-when-downgrade\"><\/iframe>\n<\/div>\n<\/div>\n\n\n\n<hr class=\"wp-block-separator has-text-color has-alpha-channel-opacity has-background is-style-wide\" style=\"background-color:#41c7c0;color:#41c7c0\"\/>\n\n\n\n<h6 class=\"wp-block-heading\">TARIFS<\/h6>\n\n\n\n<div class=\"wp-block-columns are-vertically-aligned-center is-layout-flex wp-container-core-columns-is-layout-9d6595d7 wp-block-columns-is-layout-flex\">\n<div class=\"wp-block-column is-vertically-aligned-center is-layout-flow wp-block-column-is-layout-flow\" style=\"flex-basis:50%\">\n<ul class=\"wp-block-list\">\n<li>Professeur.es de la Cit\u00e9 des Arts : 15\u20ac<\/li>\n<\/ul>\n\n\n\n<p><\/p>\n\n\n\n<ul class=\"wp-block-list\">\n<li>Enfants de moins de 12 ans : gratuit \/ de 13 \u00e0 18 ans : 10\u20ac<\/li>\n\n\n\n<li>Tarif r\u00e9duit (\u00e9tudiants et demandeurs d&#8217;emploi) : 10\u20ac<\/li>\n\n\n\n<li>Plein tarif : 20\u20ac<\/li>\n\n\n\n<li>Adh\u00e9rent : 10\u20ac<\/li>\n<\/ul>\n\n\n\n<p><\/p>\n\n\n\n<ul class=\"wp-block-list\">\n<li>Tarif passe-concert (pour 3 concerts au choix) : 50\u20ac<\/li>\n<\/ul>\n<\/div>\n\n\n\n<div class=\"wp-block-column is-vertically-aligned-center is-layout-flow wp-block-column-is-layout-flow\" style=\"flex-basis:50%\">\n<div class=\"wp-block-buttons is-vertical is-content-justification-center is-layout-flex wp-container-core-buttons-is-layout-9a7cdcfd wp-block-buttons-is-layout-flex\">\n<div class=\"wp-block-button has-custom-width wp-block-button__width-75 is-style-outline is-style-outline--3\"><a class=\"wp-block-button__link has-text-color has-link-color has-text-align-center wp-element-button\" href=\"https:\/\/www.billetweb.fr\/festival-dautomne-2025\" style=\"border-radius:0px;color:#ff956c\" target=\"_blank\" rel=\"noreferrer noopener\">BILLETTERIE | R\u00c9SERVATION<\/a><\/div>\n<\/div>\n\n\n\n<div style=\"height:20px\" aria-hidden=\"true\" class=\"wp-block-spacer\"><\/div>\n\n\n\n<p class=\"has-text-align-center\">R\u00e9servation par t\u00e9l\u00e9phone possible au :<\/p>\n\n\n\n<p class=\"has-text-align-center\">contact@lesamisdelasaintechapelle.com<\/p>\n<\/div>\n<\/div>\n\n\n\n<hr class=\"wp-block-separator has-text-color has-alpha-channel-opacity has-background is-style-wide\" style=\"background-color:#41c7c0;color:#41c7c0\"\/>\n\n\n\n<h6 class=\"wp-block-heading\">LES ARTISTES<\/h6>\n\n\n\n<div class=\"wp-block-columns are-vertically-aligned-center is-layout-flex wp-container-core-columns-is-layout-9d6595d7 wp-block-columns-is-layout-flex\">\n<div class=\"wp-block-column is-vertically-aligned-center is-layout-flow wp-block-column-is-layout-flow\" style=\"flex-basis:20%\"><div class=\"wp-block-image is-style-rounded\">\n<figure class=\"aligncenter size-full\"><img loading=\"lazy\" decoding=\"async\" width=\"2001\" height=\"2001\" src=\"http:\/\/lesamisdelasaintechapelle.com\/wp-content\/uploads\/2025\/07\/Muriel-Groz-crop.jpg\" alt=\"\" class=\"wp-image-1459\" style=\"aspect-ratio:1;object-fit:cover\" srcset=\"https:\/\/lesamisdelasaintechapelle.com\/wp-content\/uploads\/2025\/07\/Muriel-Groz-crop.jpg 2001w, https:\/\/lesamisdelasaintechapelle.com\/wp-content\/uploads\/2025\/07\/Muriel-Groz-crop-300x300.jpg 300w, https:\/\/lesamisdelasaintechapelle.com\/wp-content\/uploads\/2025\/07\/Muriel-Groz-crop-1024x1024.jpg 1024w, https:\/\/lesamisdelasaintechapelle.com\/wp-content\/uploads\/2025\/07\/Muriel-Groz-crop-150x150.jpg 150w, https:\/\/lesamisdelasaintechapelle.com\/wp-content\/uploads\/2025\/07\/Muriel-Groz-crop-768x768.jpg 768w, https:\/\/lesamisdelasaintechapelle.com\/wp-content\/uploads\/2025\/07\/Muriel-Groz-crop-1536x1536.jpg 1536w, https:\/\/lesamisdelasaintechapelle.com\/wp-content\/uploads\/2025\/07\/Muriel-Groz-crop-600x600.jpg 600w\" sizes=\"auto, (max-width: 2001px) 100vw, 2001px\" \/><\/figure>\n<\/div><\/div>\n\n\n\n<div class=\"wp-block-column is-vertically-aligned-center is-layout-flow wp-block-column-is-layout-flow\" style=\"flex-basis:80%\">\n<p class=\"has-text-align-left\">Muriel Nauche-Groz<\/p>\n\n\n\n<p class=\"has-text-align-left\">Organiste, professeure d&rsquo;orgue \u00e0 la Cit\u00e9 des Arts de Chamb\u00e9ry, titulaire de l&rsquo;orgue de Voiron<\/p>\n<\/div>\n<\/div>\n\n\n\n<div class=\"wp-block-columns are-vertically-aligned-top hide2 is-layout-flex wp-container-core-columns-is-layout-9d6595d7 wp-block-columns-is-layout-flex\">\n<div class=\"wp-block-column is-vertically-aligned-top is-layout-flow wp-block-column-is-layout-flow\"><div class=\"wp-block-image is-style-rounded\">\n<figure class=\"aligncenter size-full is-resized\"><img loading=\"lazy\" decoding=\"async\" width=\"531\" height=\"531\" src=\"http:\/\/lesamisdelasaintechapelle.com\/wp-content\/uploads\/2024\/03\/plafond.sainte.chapelle-edited.jpg\" alt=\"\" class=\"wp-image-199\" style=\"aspect-ratio:1;object-fit:cover;width:260px\" srcset=\"https:\/\/lesamisdelasaintechapelle.com\/wp-content\/uploads\/2024\/03\/plafond.sainte.chapelle-edited.jpg 531w, https:\/\/lesamisdelasaintechapelle.com\/wp-content\/uploads\/2024\/03\/plafond.sainte.chapelle-edited-300x300.jpg 300w, https:\/\/lesamisdelasaintechapelle.com\/wp-content\/uploads\/2024\/03\/plafond.sainte.chapelle-edited-150x150.jpg 150w\" sizes=\"auto, (max-width: 531px) 100vw, 531px\" \/><\/figure>\n<\/div>\n\n\n<p class=\"has-text-align-center\">St\u00e9phanie Ramdani<\/p>\n\n\n\n<p class=\"has-text-align-center\">Soprano<\/p>\n<\/div>\n\n\n\n<div class=\"wp-block-column is-vertically-aligned-top is-layout-flow wp-block-column-is-layout-flow\"><div class=\"wp-block-image is-style-rounded\">\n<figure class=\"aligncenter size-full is-resized\"><img loading=\"lazy\" decoding=\"async\" width=\"531\" height=\"531\" src=\"http:\/\/lesamisdelasaintechapelle.com\/wp-content\/uploads\/2024\/03\/plafond.sainte.chapelle-edited.jpg\" alt=\"\" class=\"wp-image-199\" style=\"aspect-ratio:1;object-fit:cover;width:260px\" srcset=\"https:\/\/lesamisdelasaintechapelle.com\/wp-content\/uploads\/2024\/03\/plafond.sainte.chapelle-edited.jpg 531w, https:\/\/lesamisdelasaintechapelle.com\/wp-content\/uploads\/2024\/03\/plafond.sainte.chapelle-edited-300x300.jpg 300w, https:\/\/lesamisdelasaintechapelle.com\/wp-content\/uploads\/2024\/03\/plafond.sainte.chapelle-edited-150x150.jpg 150w\" sizes=\"auto, (max-width: 531px) 100vw, 531px\" \/><\/figure>\n<\/div>\n\n\n<p class=\"has-text-align-center\">Perrine Carroy<\/p>\n\n\n\n<p class=\"has-text-align-center\">Soprano<\/p>\n<\/div>\n\n\n\n<div class=\"wp-block-column is-vertically-aligned-top is-layout-flow wp-block-column-is-layout-flow\"><div class=\"wp-block-image is-style-rounded\">\n<figure class=\"aligncenter size-full is-resized\"><img loading=\"lazy\" decoding=\"async\" width=\"400\" height=\"400\" src=\"http:\/\/lesamisdelasaintechapelle.com\/wp-content\/uploads\/2025\/03\/Maximin-Marchand.jpg\" alt=\"\" class=\"wp-image-1122\" style=\"aspect-ratio:1;object-fit:cover;width:260px\" srcset=\"https:\/\/lesamisdelasaintechapelle.com\/wp-content\/uploads\/2025\/03\/Maximin-Marchand.jpg 400w, https:\/\/lesamisdelasaintechapelle.com\/wp-content\/uploads\/2025\/03\/Maximin-Marchand-300x300.jpg 300w, https:\/\/lesamisdelasaintechapelle.com\/wp-content\/uploads\/2025\/03\/Maximin-Marchand-150x150.jpg 150w\" sizes=\"auto, (max-width: 400px) 100vw, 400px\" \/><\/figure>\n<\/div>\n\n\n<p class=\"has-text-align-center\">Maximin Marchand<\/p>\n\n\n\n<p class=\"has-text-align-center\">Haute-contre<\/p>\n<\/div>\n<\/div>\n\n\n\n<div class=\"wp-block-columns are-vertically-aligned-top hide2 is-layout-flex wp-container-core-columns-is-layout-9d6595d7 wp-block-columns-is-layout-flex\">\n<div class=\"wp-block-column is-vertically-aligned-top is-layout-flow wp-block-column-is-layout-flow\"><div class=\"wp-block-image is-style-rounded\">\n<figure class=\"aligncenter size-full is-resized\"><img loading=\"lazy\" decoding=\"async\" width=\"531\" height=\"531\" src=\"http:\/\/lesamisdelasaintechapelle.com\/wp-content\/uploads\/2024\/03\/plafond.sainte.chapelle-edited.jpg\" alt=\"\" class=\"wp-image-199\" style=\"aspect-ratio:1;object-fit:cover;width:260px\" srcset=\"https:\/\/lesamisdelasaintechapelle.com\/wp-content\/uploads\/2024\/03\/plafond.sainte.chapelle-edited.jpg 531w, https:\/\/lesamisdelasaintechapelle.com\/wp-content\/uploads\/2024\/03\/plafond.sainte.chapelle-edited-300x300.jpg 300w, https:\/\/lesamisdelasaintechapelle.com\/wp-content\/uploads\/2024\/03\/plafond.sainte.chapelle-edited-150x150.jpg 150w\" sizes=\"auto, (max-width: 531px) 100vw, 531px\" \/><\/figure>\n<\/div>\n\n\n<p class=\"has-text-align-center\">Laurent Callu<\/p>\n\n\n\n<p class=\"has-text-align-center\">T\u00e9nor<\/p>\n<\/div>\n\n\n\n<div class=\"wp-block-column is-vertically-aligned-top is-layout-flow wp-block-column-is-layout-flow\"><div class=\"wp-block-image is-style-rounded\">\n<figure class=\"aligncenter size-full is-resized\"><img loading=\"lazy\" decoding=\"async\" width=\"531\" height=\"531\" src=\"http:\/\/lesamisdelasaintechapelle.com\/wp-content\/uploads\/2024\/03\/plafond.sainte.chapelle-edited.jpg\" alt=\"\" class=\"wp-image-199\" style=\"aspect-ratio:1;object-fit:cover;width:260px\" srcset=\"https:\/\/lesamisdelasaintechapelle.com\/wp-content\/uploads\/2024\/03\/plafond.sainte.chapelle-edited.jpg 531w, https:\/\/lesamisdelasaintechapelle.com\/wp-content\/uploads\/2024\/03\/plafond.sainte.chapelle-edited-300x300.jpg 300w, https:\/\/lesamisdelasaintechapelle.com\/wp-content\/uploads\/2024\/03\/plafond.sainte.chapelle-edited-150x150.jpg 150w\" sizes=\"auto, (max-width: 531px) 100vw, 531px\" \/><\/figure>\n<\/div>\n\n\n<p class=\"has-text-align-center\">Bernard His<\/p>\n\n\n\n<p class=\"has-text-align-center\">Taille<\/p>\n<\/div>\n\n\n\n<div class=\"wp-block-column is-vertically-aligned-top is-layout-flow wp-block-column-is-layout-flow\"><div class=\"wp-block-image is-style-rounded\">\n<figure class=\"aligncenter size-full is-resized\"><img loading=\"lazy\" decoding=\"async\" width=\"531\" height=\"531\" src=\"http:\/\/lesamisdelasaintechapelle.com\/wp-content\/uploads\/2024\/03\/plafond.sainte.chapelle-edited.jpg\" alt=\"\" class=\"wp-image-199\" style=\"aspect-ratio:1;object-fit:cover;width:260px\" srcset=\"https:\/\/lesamisdelasaintechapelle.com\/wp-content\/uploads\/2024\/03\/plafond.sainte.chapelle-edited.jpg 531w, https:\/\/lesamisdelasaintechapelle.com\/wp-content\/uploads\/2024\/03\/plafond.sainte.chapelle-edited-300x300.jpg 300w, https:\/\/lesamisdelasaintechapelle.com\/wp-content\/uploads\/2024\/03\/plafond.sainte.chapelle-edited-150x150.jpg 150w\" sizes=\"auto, (max-width: 531px) 100vw, 531px\" \/><\/figure>\n<\/div>\n\n\n<p class=\"has-text-align-center\">Jean-Louis Ninet<\/p>\n\n\n\n<p class=\"has-text-align-center\">Basse<\/p>\n<\/div>\n\n\n\n<div class=\"wp-block-column is-vertically-aligned-top is-layout-flow wp-block-column-is-layout-flow\"><div class=\"wp-block-image is-style-rounded\">\n<figure class=\"aligncenter size-full is-resized\"><img loading=\"lazy\" decoding=\"async\" width=\"951\" height=\"1055\" src=\"http:\/\/lesamisdelasaintechapelle.com\/wp-content\/uploads\/2024\/03\/Benoit-Magnin-3.jpg\" alt=\"\" class=\"wp-image-233\" style=\"aspect-ratio:1;object-fit:cover;width:260px;height:auto\" srcset=\"https:\/\/lesamisdelasaintechapelle.com\/wp-content\/uploads\/2024\/03\/Benoit-Magnin-3.jpg 951w, https:\/\/lesamisdelasaintechapelle.com\/wp-content\/uploads\/2024\/03\/Benoit-Magnin-3-270x300.jpg 270w, https:\/\/lesamisdelasaintechapelle.com\/wp-content\/uploads\/2024\/03\/Benoit-Magnin-3-923x1024.jpg 923w, https:\/\/lesamisdelasaintechapelle.com\/wp-content\/uploads\/2024\/03\/Benoit-Magnin-3-768x852.jpg 768w, https:\/\/lesamisdelasaintechapelle.com\/wp-content\/uploads\/2024\/03\/Benoit-Magnin-3-600x666.jpg 600w\" sizes=\"auto, (max-width: 951px) 100vw, 951px\" \/><\/figure>\n<\/div>\n\n\n<p class=\"has-text-align-center\">Beno\u00eet Magnin<\/p>\n\n\n\n<p class=\"has-text-align-center\">Direction du Ch\u0153ur de la Sainte-Chapelle<\/p>\n<\/div>\n<\/div>\n\n\n\n<div class=\"wp-block-columns are-vertically-aligned-top hide2 is-layout-flex wp-container-core-columns-is-layout-9d6595d7 wp-block-columns-is-layout-flex\">\n<div class=\"wp-block-column is-vertically-aligned-top is-layout-flow wp-block-column-is-layout-flow\"><div class=\"wp-block-image is-style-rounded\">\n<figure class=\"aligncenter size-full is-resized\"><img loading=\"lazy\" decoding=\"async\" width=\"400\" height=\"400\" src=\"http:\/\/lesamisdelasaintechapelle.com\/wp-content\/uploads\/2025\/03\/Maximin-Marchand.jpg\" alt=\"\" class=\"wp-image-1122\" style=\"aspect-ratio:1;object-fit:cover;width:260px\" srcset=\"https:\/\/lesamisdelasaintechapelle.com\/wp-content\/uploads\/2025\/03\/Maximin-Marchand.jpg 400w, https:\/\/lesamisdelasaintechapelle.com\/wp-content\/uploads\/2025\/03\/Maximin-Marchand-300x300.jpg 300w, https:\/\/lesamisdelasaintechapelle.com\/wp-content\/uploads\/2025\/03\/Maximin-Marchand-150x150.jpg 150w\" sizes=\"auto, (max-width: 400px) 100vw, 400px\" \/><\/figure>\n<\/div>\n\n\n<p class=\"has-text-align-center\">Maximin Marchand<\/p>\n\n\n\n<p class=\"has-text-align-center\">Haute-contre<\/p>\n<\/div>\n\n\n\n<div class=\"wp-block-column is-vertically-aligned-top is-layout-flow wp-block-column-is-layout-flow\"><div class=\"wp-block-image is-style-rounded\">\n<figure class=\"aligncenter size-full is-resized\"><img loading=\"lazy\" decoding=\"async\" width=\"951\" height=\"1055\" src=\"http:\/\/lesamisdelasaintechapelle.com\/wp-content\/uploads\/2024\/03\/Benoit-Magnin-3.jpg\" alt=\"\" class=\"wp-image-233\" style=\"aspect-ratio:1;object-fit:cover;width:260px;height:auto\" srcset=\"https:\/\/lesamisdelasaintechapelle.com\/wp-content\/uploads\/2024\/03\/Benoit-Magnin-3.jpg 951w, https:\/\/lesamisdelasaintechapelle.com\/wp-content\/uploads\/2024\/03\/Benoit-Magnin-3-270x300.jpg 270w, https:\/\/lesamisdelasaintechapelle.com\/wp-content\/uploads\/2024\/03\/Benoit-Magnin-3-923x1024.jpg 923w, https:\/\/lesamisdelasaintechapelle.com\/wp-content\/uploads\/2024\/03\/Benoit-Magnin-3-768x852.jpg 768w, https:\/\/lesamisdelasaintechapelle.com\/wp-content\/uploads\/2024\/03\/Benoit-Magnin-3-600x666.jpg 600w\" sizes=\"auto, (max-width: 951px) 100vw, 951px\" \/><\/figure>\n<\/div>\n\n\n<p class=\"has-text-align-center\">Beno\u00eet Magnin<\/p>\n\n\n\n<p class=\"has-text-align-center\">Direction du Ch\u0153ur de la Sainte-Chapelle<\/p>\n<\/div>\n<\/div>\n\n\n\n<div class=\"wp-block-columns are-vertically-aligned-center hide2 is-layout-flex wp-container-core-columns-is-layout-9d6595d7 wp-block-columns-is-layout-flex\">\n<div class=\"wp-block-column is-vertically-aligned-center is-layout-flow wp-block-column-is-layout-flow\" style=\"flex-basis:20%\"><div class=\"wp-block-image is-style-rounded\">\n<figure class=\"aligncenter size-large\"><img loading=\"lazy\" decoding=\"async\" width=\"1024\" height=\"768\" src=\"http:\/\/lesamisdelasaintechapelle.com\/wp-content\/uploads\/2024\/03\/Choeur-de-la-Sainte-Chapelle-1024x768.jpg\" alt=\"\" class=\"wp-image-234\" style=\"aspect-ratio:1;object-fit:cover\" srcset=\"https:\/\/lesamisdelasaintechapelle.com\/wp-content\/uploads\/2024\/03\/Choeur-de-la-Sainte-Chapelle-1024x768.jpg 1024w, https:\/\/lesamisdelasaintechapelle.com\/wp-content\/uploads\/2024\/03\/Choeur-de-la-Sainte-Chapelle-300x225.jpg 300w, https:\/\/lesamisdelasaintechapelle.com\/wp-content\/uploads\/2024\/03\/Choeur-de-la-Sainte-Chapelle-768x576.jpg 768w, https:\/\/lesamisdelasaintechapelle.com\/wp-content\/uploads\/2024\/03\/Choeur-de-la-Sainte-Chapelle-1536x1152.jpg 1536w, https:\/\/lesamisdelasaintechapelle.com\/wp-content\/uploads\/2024\/03\/Choeur-de-la-Sainte-Chapelle-600x450.jpg 600w, https:\/\/lesamisdelasaintechapelle.com\/wp-content\/uploads\/2024\/03\/Choeur-de-la-Sainte-Chapelle.jpg 1772w\" sizes=\"auto, (max-width: 1024px) 100vw, 1024px\" \/><\/figure>\n<\/div><\/div>\n\n\n\n<div class=\"wp-block-column is-vertically-aligned-center is-layout-flow wp-block-column-is-layout-flow\" style=\"flex-basis:80%\">\n<p><strong>Ch\u0153ur de la Sainte-Chapelle<\/strong><\/p>\n\n\n\n<div class=\"wp-block-group a-la-ligne\"><div class=\"wp-block-group__inner-container is-layout-constrained wp-block-group-is-layout-constrained\">\n<p>Soprano 1 : Perrine Carroy, C\u00e9line Juge, C\u00e9line Lambre, Sophie Marchand, Mathilde Marduel, St\u00e9phanie Ramdani<\/p>\n\n\n\n<p>Haute-contre : Dani\u00e8le Mandel, Tamara Reyes, B\u00e9atrice Thimjo<\/p>\n\n\n\n<p>Taille\/t\u00e9nor : Matthieu Burgard, Laurent Callu, Jean-Fran\u00e7ois Coulloud<\/p>\n\n\n\n<p>Basse taille\/baryton : Antoine Carroy, Bernard His, Franck S\u00e9n\u00e9chal<\/p>\n\n\n\n<p>Basse : Floris Humbert, Jean-Louis Ninet, Audric Rogazy<\/p>\n<\/div><\/div>\n<\/div>\n<\/div>\n\n\n\n<div class=\"wp-block-columns are-vertically-aligned-center hide2 is-layout-flex wp-container-core-columns-is-layout-9d6595d7 wp-block-columns-is-layout-flex\">\n<div class=\"wp-block-column is-vertically-aligned-center is-layout-flow wp-block-column-is-layout-flow\" style=\"flex-basis:20%\"><div class=\"wp-block-image is-style-rounded\">\n<figure class=\"aligncenter size-large\"><img loading=\"lazy\" decoding=\"async\" width=\"1024\" height=\"768\" src=\"http:\/\/lesamisdelasaintechapelle.com\/wp-content\/uploads\/2025\/03\/Ensemble-La-Jupiter-1024x768.jpg\" alt=\"\" class=\"wp-image-1130\" style=\"aspect-ratio:1;object-fit:cover\" srcset=\"https:\/\/lesamisdelasaintechapelle.com\/wp-content\/uploads\/2025\/03\/Ensemble-La-Jupiter-1024x768.jpg 1024w, https:\/\/lesamisdelasaintechapelle.com\/wp-content\/uploads\/2025\/03\/Ensemble-La-Jupiter-300x225.jpg 300w, https:\/\/lesamisdelasaintechapelle.com\/wp-content\/uploads\/2025\/03\/Ensemble-La-Jupiter-768x576.jpg 768w, https:\/\/lesamisdelasaintechapelle.com\/wp-content\/uploads\/2025\/03\/Ensemble-La-Jupiter-1536x1152.jpg 1536w, https:\/\/lesamisdelasaintechapelle.com\/wp-content\/uploads\/2025\/03\/Ensemble-La-Jupiter-600x450.jpg 600w, https:\/\/lesamisdelasaintechapelle.com\/wp-content\/uploads\/2025\/03\/Ensemble-La-Jupiter.jpg 1772w\" sizes=\"auto, (max-width: 1024px) 100vw, 1024px\" \/><\/figure>\n<\/div><\/div>\n\n\n\n<div class=\"wp-block-column is-vertically-aligned-center is-layout-flow wp-block-column-is-layout-flow\" style=\"flex-basis:80%\">\n<p><strong>Ensemble La Jupiter<\/strong><\/p>\n\n\n\n<div class=\"wp-block-group a-la-ligne\"><div class=\"wp-block-group__inner-container is-layout-constrained wp-block-group-is-layout-constrained\">\n<p>Meike Augustin et Josiane Brachet : Violons Baroques<\/p>\n\n\n\n<p>Marie-Laure Brieugne : Alto Baroque<\/p>\n\n\n\n<p>Philippe Badin : Violoncelle Baroque<\/p>\n\n\n\n<p>Beno\u00eet B\u00e9ratto : Violone<\/p>\n<\/div><\/div>\n<\/div>\n<\/div>\n\n\n\n<div class=\"wp-block-columns are-vertically-aligned-center hide2 is-layout-flex wp-container-core-columns-is-layout-9d6595d7 wp-block-columns-is-layout-flex\">\n<div class=\"wp-block-column is-vertically-aligned-center is-layout-flow wp-block-column-is-layout-flow\" style=\"flex-basis:35%\">\n<p class=\"has-text-align-center\"><strong>Professeure de la Cit\u00e9 des Arts<\/strong><\/p>\n\n\n\n<div class=\"wp-block-group a-la-ligne\"><div class=\"wp-block-group__inner-container is-layout-constrained wp-block-group-is-layout-constrained\">\n<p class=\"has-text-align-center\">C\u00e9cile Leroy : Fl\u00fbte traversi\u00e8re ancienne<\/p>\n<\/div><\/div>\n<\/div>\n\n\n\n<div class=\"wp-block-column is-vertically-aligned-center is-layout-flow wp-block-column-is-layout-flow\" style=\"flex-basis:65%\">\n<p class=\"has-text-align-center\"><strong>\u00c9l\u00e8ves de la Cit\u00e9 des Arts<\/strong><\/p>\n\n\n\n<div class=\"wp-block-group a-la-ligne\"><div class=\"wp-block-group__inner-container is-layout-constrained wp-block-group-is-layout-constrained\">\n<p class=\"has-text-align-center\">Classe de Sacqueboute de St\u00e9phane Muller :<\/p>\n\n\n\n<p class=\"has-text-align-center\">\u00c9ric Waeckel, Corentin Touch\u00e9e, Mathilde Boucher et Alain Gerber<\/p>\n<\/div><\/div>\n\n\n\n<p class=\"has-text-align-center\">Classe de fl\u00fbte traversi\u00e8re ancienne de C\u00e9cile Leroy : Juliette G\u00e2teau<\/p>\n\n\n\n<p class=\"has-text-align-center\">Classe d&rsquo;orgue de Muriel Groz : Cyrille Tessier<\/p>\n<\/div>\n<\/div>\n\n\n\n<hr class=\"wp-block-separator has-text-color has-alpha-channel-opacity has-background is-style-wide\" style=\"background-color:#41c7c0;color:#41c7c0\"\/>\n\n\n\n<h6 class=\"wp-block-heading\">BIOGRAPHIES<\/h6>\n\n\n\n<p><strong>Muriel Nauche-Groz<\/strong> est professeur d\u2019orgue au Conservatoire \u00e0 Rayonnement R\u00e9gional de Chamb\u00e9ry o\u00f9 elle coordonne \u00e9galement le d\u00e9partement de musique ancienne. Elle est \u00e9galement titulaire de l\u2019orgue historique de Voiron. Suite \u00e0 ses \u00e9tudes \u00e0 Grenoble, Lyon (CNSMD), Hambourg et Munich, elle obtient 5 masters&nbsp;: deux musicaux&nbsp;(orgue, musique ancienne), deux scientifiques (dipl\u00f4me d\u2019ing\u00e9nieur de Grenoble-INP et Master transdisciplinaire Art-Science-Technologie) et un de p\u00e9dagogie (Certificat d\u2019Aptitude). Muriel Nauche-Groz se produit tant en soliste qu\u2019en musique de chambre, associant l\u2019orgue \u00e0 divers instruments. Sa volont\u00e9 de faire conna\u00eetre l\u2019orgue au jeune public l\u2019a par ailleurs amen\u00e9e \u00e0 cr\u00e9er un projet de cin\u00e9-concert \u00e0 destination de classes scolaires autour de Pierre et le Loup de Prokofiev. Int\u00e9ress\u00e9e par la facture d\u2019orgue, elle a par ailleurs \u00e9crit un m\u00e9moire sur la facture d\u2019orgue baroque d\u2019Allemagne du nord Schnitger. Elle est laur\u00e9ate de concours internationaux d\u2019interpr\u00e9tation en orgue (Xavier Darasse \u00e0 Toulouse, Paul Hofhaimer \u00e0 Innsbruck, Agati-Tronci \u00e0 Pistoia) et a \u00e9t\u00e9 soutenue par l\u2019ADAMI, M\u00e9c\u00e9nat Soci\u00e9t\u00e9 G\u00e9n\u00e9rale et Deutschland Stipendium.<\/p>\n","protected":false},"excerpt":{"rendered":"<p>JEUDI 9 OCTOBRE 2025 \u2022 14H (DUR\u00c9E 1H) \u2022 SAINTE-CHAPELLE R\u00e9servation par mail possible \u00e0 : contact@lesamisdelasaintechapelle.com PROGRAMME Pi\u00e8ces d&rsquo;orgue Nom du fichier : Programme 13-10 Taille : 471 Ko Nom du fichier : 13-10 Traduction des textes anglais Taille : 755 Ko LIEU Sainte-Chapelle du Ch\u00e2teau des Ducs de Savoie Place du Ch\u00e2teau 73 [&hellip;]<\/p>\n","protected":false},"author":1,"featured_media":0,"parent":128,"menu_order":12,"comment_status":"closed","ping_status":"closed","template":"","meta":{"_monsterinsights_skip_tracking":false,"_monsterinsights_sitenote_active":false,"_monsterinsights_sitenote_note":"","_monsterinsights_sitenote_category":0,"footnotes":""},"folder":[],"class_list":["post-1961","page","type-page","status-publish","hentry"],"aioseo_notices":[],"_links":{"self":[{"href":"https:\/\/lesamisdelasaintechapelle.com\/index.php\/wp-json\/wp\/v2\/pages\/1961","targetHints":{"allow":["GET"]}}],"collection":[{"href":"https:\/\/lesamisdelasaintechapelle.com\/index.php\/wp-json\/wp\/v2\/pages"}],"about":[{"href":"https:\/\/lesamisdelasaintechapelle.com\/index.php\/wp-json\/wp\/v2\/types\/page"}],"author":[{"embeddable":true,"href":"https:\/\/lesamisdelasaintechapelle.com\/index.php\/wp-json\/wp\/v2\/users\/1"}],"replies":[{"embeddable":true,"href":"https:\/\/lesamisdelasaintechapelle.com\/index.php\/wp-json\/wp\/v2\/comments?post=1961"}],"version-history":[{"count":4,"href":"https:\/\/lesamisdelasaintechapelle.com\/index.php\/wp-json\/wp\/v2\/pages\/1961\/revisions"}],"predecessor-version":[{"id":2038,"href":"https:\/\/lesamisdelasaintechapelle.com\/index.php\/wp-json\/wp\/v2\/pages\/1961\/revisions\/2038"}],"up":[{"embeddable":true,"href":"https:\/\/lesamisdelasaintechapelle.com\/index.php\/wp-json\/wp\/v2\/pages\/128"}],"wp:attachment":[{"href":"https:\/\/lesamisdelasaintechapelle.com\/index.php\/wp-json\/wp\/v2\/media?parent=1961"}],"wp:term":[{"taxonomy":"folder","embeddable":true,"href":"https:\/\/lesamisdelasaintechapelle.com\/index.php\/wp-json\/wp\/v2\/folder?post=1961"}],"curies":[{"name":"wp","href":"https:\/\/api.w.org\/{rel}","templated":true}]}}